{"id":910,"date":"2020-04-04T19:31:49","date_gmt":"2020-04-04T17:31:49","guid":{"rendered":"http:\/\/192.168.1.5\/~carro\/?page_id=910"},"modified":"2025-02-13T16:07:53","modified_gmt":"2025-02-13T15:07:53","slug":"mobelsnickare-i-ornskoldsvik","status":"publish","type":"page","link":"https:\/\/www.fruhyvel.se\/","title":{"rendered":"M\u00f6belsnickare i \u00d6rnsk\u00f6ldsvik"},"content":{"rendered":"\n<div class=\"wp-block-columns is-layout-flex wp-container-core-columns-is-layout-1 wp-block-columns-is-layout-flex\">\n<div class=\"wp-block-column is-layout-flow wp-block-column-is-layout-flow\" style=\"flex-basis:66.66%\">\n<p><span style=\"color:#666666\" class=\"has-inline-color\"><strong>Beh\u00f6ver ni en ny m\u00f6bel i tr\u00e4 ?<\/strong><br>Hos Fruhyvel tillverkas det tr\u00e4m\u00f6bler efter dina behov i ett snickeri hemma p\u00e5 g\u00e5rden. Med tanke p\u00e5 att materialet tr\u00e4 krymper och sv\u00e4ller vid f\u00f6r\u00e4ndrad luftfuktighet, v\u00e4ljs virket noga ut f\u00f6r att \u00e5rsringarna i varje del i m\u00f6beln ska komma till sin r\u00e4tt. M\u00f6blerna tillverkas p\u00e5 ett traditionellt s\u00e4tt b\u00e5de i maskiner och f\u00f6r hand.<\/span><\/p>\n<\/div>\n\n\n\n<div class=\"wp-block-column is-layout-flow wp-block-column-is-layout-flow\" style=\"flex-basis:33.33%\">\n<figure class=\"wp-block-image size-full\"><img loading=\"lazy\" decoding=\"async\" width=\"600\" height=\"671\" src=\"https:\/\/www.fruhyvel.se\/wp-content\/uploads\/2021\/03\/gustaviansktbord2.png\" alt=\"\" class=\"wp-image-1380\" srcset=\"https:\/\/www.fruhyvel.se\/wp-content\/uploads\/2021\/03\/gustaviansktbord2.png 600w, https:\/\/www.fruhyvel.se\/wp-content\/uploads\/2021\/03\/gustaviansktbord2-268x300.png 268w\" sizes=\"auto, (max-width: 600px) 100vw, 600px\" \/><figcaption class=\"wp-element-caption\">Litet bord i ask, ytbehandlad med vitvax.<\/figcaption><\/figure>\n<\/div>\n<\/div>\n\n\n\n<p><\/p>\n\n\n\n<div class=\"wp-block-columns are-vertically-aligned-top is-layout-flex wp-container-core-columns-is-layout-2 wp-block-columns-is-layout-flex\">\n<div class=\"wp-block-column is-vertically-aligned-top is-layout-flow wp-block-column-is-layout-flow\" style=\"flex-basis:33.33%\">\n<figure class=\"wp-block-image size-full\"><img loading=\"lazy\" decoding=\"async\" width=\"600\" height=\"671\" src=\"https:\/\/www.fruhyvel.se\/wp-content\/uploads\/2021\/03\/taburett.png\" alt=\"Taburett i al\" class=\"wp-image-1405\" srcset=\"https:\/\/www.fruhyvel.se\/wp-content\/uploads\/2021\/03\/taburett.png 600w, https:\/\/www.fruhyvel.se\/wp-content\/uploads\/2021\/03\/taburett-268x300.png 268w\" sizes=\"auto, (max-width: 600px) 100vw, 600px\" \/><figcaption class=\"wp-element-caption\">Taburett i al med svarvade ben &amp; handskuret m\u00f6nster.<\/figcaption><\/figure>\n<\/div>\n\n\n\n<div class=\"wp-block-column is-vertically-aligned-top is-layout-flow wp-block-column-is-layout-flow\" style=\"flex-basis:66.66%\">\n<p><span style=\"color:#666666\" class=\"has-inline-color\"><strong>Vilket uttryck vill ni att din m\u00f6bel ska ha?<\/strong><br>Vid best\u00e4llningen v\u00e4ljer ni vilket tr\u00e4slag och ytbehandling ni vill ha p\u00e5 eran m\u00f6bel. N\u00e5gra exempel p\u00e5 tr\u00e4slag \u00e4r bj\u00f6rk, fura, al, ask, l\u00f6nn, alm och ek. Ytbehandling kan tillexempel vara h\u00e5rdvaxolja, linolja, vitpigmenterad olja. Jag hj\u00e4lper dig vid fr\u00e5gor, id\u00e9er och tankar kring din nya tr\u00e4m\u00f6bel.<\/span><\/p>\n<\/div>\n<\/div>\n\n\n\n<p><\/p>\n\n\n\n<div class=\"wp-block-columns is-layout-flex wp-container-core-columns-is-layout-3 wp-block-columns-is-layout-flex\">\n<div class=\"wp-block-column is-layout-flow wp-block-column-is-layout-flow\" style=\"flex-basis:66.66%\">\n<p><span style=\"color:#666666\" class=\"has-inline-color\"><strong>Har ni en gammal tr\u00e4m\u00f6bel som beh\u00f6ver lagas?<\/strong><br>Har ni en trasig m\u00f6bel i tr\u00e4 hemma kan ni l\u00e4mna in den till mig f\u00f6r lagning. Jag hj\u00e4lper dig vid fr\u00e5gor, id\u00e9er och tankar kring din gamla tr\u00e4m\u00f6bel.<\/span><\/p>\n<\/div>\n\n\n\n<div class=\"wp-block-column is-layout-flow wp-block-column-is-layout-flow\" style=\"flex-basis:33.33%\">\n<figure class=\"wp-block-image size-full\"><img loading=\"lazy\" decoding=\"async\" width=\"667\" height=\"671\" src=\"https:\/\/www.fruhyvel.se\/wp-content\/uploads\/2021\/03\/pinnstol5.png\" alt=\"\" class=\"wp-image-1298\" srcset=\"https:\/\/www.fruhyvel.se\/wp-content\/uploads\/2021\/03\/pinnstol5.png 667w, https:\/\/www.fruhyvel.se\/wp-content\/uploads\/2021\/03\/pinnstol5-298x300.png 298w, https:\/\/www.fruhyvel.se\/wp-content\/uploads\/2021\/03\/pinnstol5-150x150.png 150w, https:\/\/www.fruhyvel.se\/wp-content\/uploads\/2021\/03\/pinnstol5-200x200.png 200w\" sizes=\"auto, (max-width: 667px) 100vw, 667px\" \/><figcaption class=\"wp-element-caption\"> En ny bensl\u00e5 i bj\u00f6rk svarvas.<\/figcaption><\/figure>\n<\/div>\n<\/div>\n\n\n\n<p><\/p>\n\n\n\n<div class=\"wp-block-columns is-layout-flex wp-container-core-columns-is-layout-4 wp-block-columns-is-layout-flex\">\n<div class=\"wp-block-column is-layout-flow wp-block-column-is-layout-flow\" style=\"flex-basis:33.33%\">\n<figure class=\"wp-block-image size-full\"><img loading=\"lazy\" decoding=\"async\" width=\"600\" height=\"671\" src=\"https:\/\/www.fruhyvel.se\/wp-content\/uploads\/2021\/03\/examensmobel1.png\" alt=\"Examensm\u00f6bel\" class=\"wp-image-1433\" srcset=\"https:\/\/www.fruhyvel.se\/wp-content\/uploads\/2021\/03\/examensmobel1.png 600w, https:\/\/www.fruhyvel.se\/wp-content\/uploads\/2021\/03\/examensmobel1-268x300.png 268w\" sizes=\"auto, (max-width: 600px) 100vw, 600px\" \/><figcaption class=\"wp-element-caption\">Kista i lind &amp; benst\u00e4llning i k\u00f6rsb\u00e4r.<\/figcaption><\/figure>\n<\/div>\n\n\n\n<div class=\"wp-block-column is-layout-flow wp-block-column-is-layout-flow\" style=\"flex-basis:66.66%\">\n<p><span style=\"color:#666666\" class=\"has-inline-color\"><span style=\"color:#666666\" class=\"has-inline-color\"><strong>Om mig<\/strong><\/span> <br>Fruhyvel M\u00f6belhantverk &amp; Design AB finns i Torsb\u00f6le ca 2 mil utanf\u00f6r \u00d6rnsk\u00f6ldsvik. Jag som \u00e4ger och driver f\u00f6retaget heter Carolina Blomkvist. Har h\u00f6gskoleutbildning i m\u00f6belsnickeri p\u00e5 2 \u00e5r fr\u00e5n Mittuniversitetet, Tr\u00e4akademin Kramfors. <\/span><\/p>\n\n\n\n<p><span style=\"color:#666666\" class=\"has-inline-color\"><strong>Kontakt:<\/strong> carolina@fruhyvel.se<\/span><\/p>\n<\/div>\n<\/div>\n\n\n\n<p><\/p>\n","protected":false},"excerpt":{"rendered":"<p>Beh\u00f6ver ni en ny m\u00f6bel i tr\u00e4 ?Hos Fruhyvel tillverkas det tr\u00e4m\u00f6bler efter dina behov i ett snickeri hemma p\u00e5 g\u00e5rden. Med tanke p\u00e5 att materialet&#46;&#46;&#46;<\/p>\n","protected":false},"author":1,"featured_media":0,"parent":0,"menu_order":0,"comment_status":"closed","ping_status":"closed","template":"","meta":{"ngg_post_thumbnail":0,"footnotes":""},"class_list":["post-910","page","type-page","status-publish","hentry"],"yoast_head":"<!-- This site is optimized with the Yoast SEO plugin v24.4 - https:\/\/yoast.com\/wordpress\/plugins\/seo\/ -->\n<title>M\u00f6belsnickare i \u00d6rnsk\u00f6ldsvik - fruhyvel.se Tillverkar &amp; renoverar tr\u00e4m\u00f6bler till dig<\/title>\n<meta name=\"description\" content=\"Tillverkar och renoverar tr\u00e4m\u00f6bler i Torsb\u00f6le ca 2 mil utanf\u00f6r \u00d6rnsk\u00f6ldsvik. M\u00f6blerna tillverkas p\u00e5 ett traditionellt s\u00e4tt b\u00e5de i maskiner och f\u00f6r hand.\" \/>\n<meta name=\"robots\" content=\"index, follow, max-snippet:-1, max-image-preview:large, max-video-preview:-1\" \/>\n<link rel=\"canonical\" href=\"https:\/\/www.fruhyvel.se\/\" \/>\n<meta property=\"og:locale\" content=\"sv_SE\" \/>\n<meta property=\"og:type\" content=\"article\" \/>\n<meta property=\"og:title\" content=\"M\u00f6belsnickare i \u00d6rnsk\u00f6ldsvik - fruhyvel.se Tillverkar &amp; renoverar tr\u00e4m\u00f6bler till dig\" \/>\n<meta property=\"og:description\" content=\"Tillverkar och renoverar tr\u00e4m\u00f6bler i Torsb\u00f6le ca 2 mil utanf\u00f6r \u00d6rnsk\u00f6ldsvik. M\u00f6blerna tillverkas p\u00e5 ett traditionellt s\u00e4tt b\u00e5de i maskiner och f\u00f6r hand.\" \/>\n<meta property=\"og:url\" content=\"https:\/\/www.fruhyvel.se\/\" \/>\n<meta property=\"og:site_name\" content=\"fruhyvel.se\" \/>\n<meta property=\"article:publisher\" content=\"https:\/\/www.facebook.com\/fruhyvel\/\" \/>\n<meta property=\"article:modified_time\" content=\"2025-02-13T15:07:53+00:00\" \/>\n<meta property=\"og:image\" content=\"https:\/\/www.fruhyvel.se\/wp-content\/uploads\/2021\/03\/gustaviansktbord2.png\" \/>\n\t<meta property=\"og:image:width\" content=\"600\" \/>\n\t<meta property=\"og:image:height\" content=\"671\" \/>\n\t<meta property=\"og:image:type\" content=\"image\/png\" \/>\n<meta name=\"twitter:card\" content=\"summary_large_image\" \/>\n<meta name=\"twitter:label1\" content=\"Ber\u00e4knad l\u00e4stid\" \/>\n\t<meta name=\"twitter:data1\" content=\"2 minuter\" \/>\n<script type=\"application\/ld+json\" class=\"yoast-schema-graph\">{\"@context\":\"https:\/\/schema.org\",\"@graph\":[{\"@type\":\"WebPage\",\"@id\":\"https:\/\/www.fruhyvel.se\/\",\"url\":\"https:\/\/www.fruhyvel.se\/\",\"name\":\"M\u00f6belsnickare i \u00d6rnsk\u00f6ldsvik - fruhyvel.se Tillverkar &amp; renoverar tr\u00e4m\u00f6bler till dig\",\"isPartOf\":{\"@id\":\"https:\/\/www.fruhyvel.se\/#website\"},\"primaryImageOfPage\":{\"@id\":\"https:\/\/www.fruhyvel.se\/#primaryimage\"},\"image\":{\"@id\":\"https:\/\/www.fruhyvel.se\/#primaryimage\"},\"thumbnailUrl\":\"https:\/\/www.fruhyvel.se\/wp-content\/uploads\/2021\/03\/gustaviansktbord2.png\",\"datePublished\":\"2020-04-04T17:31:49+00:00\",\"dateModified\":\"2025-02-13T15:07:53+00:00\",\"description\":\"Tillverkar och renoverar tr\u00e4m\u00f6bler i Torsb\u00f6le ca 2 mil utanf\u00f6r \u00d6rnsk\u00f6ldsvik. M\u00f6blerna tillverkas p\u00e5 ett traditionellt s\u00e4tt b\u00e5de i maskiner och f\u00f6r hand.\",\"breadcrumb\":{\"@id\":\"https:\/\/www.fruhyvel.se\/#breadcrumb\"},\"inLanguage\":\"sv-SE\",\"potentialAction\":[{\"@type\":\"ReadAction\",\"target\":[\"https:\/\/www.fruhyvel.se\/\"]}]},{\"@type\":\"ImageObject\",\"inLanguage\":\"sv-SE\",\"@id\":\"https:\/\/www.fruhyvel.se\/#primaryimage\",\"url\":\"https:\/\/www.fruhyvel.se\/wp-content\/uploads\/2021\/03\/gustaviansktbord2.png\",\"contentUrl\":\"https:\/\/www.fruhyvel.se\/wp-content\/uploads\/2021\/03\/gustaviansktbord2.png\",\"width\":600,\"height\":671,\"caption\":\"Litet bord i ask, ytbehandlad med vitvax.\"},{\"@type\":\"BreadcrumbList\",\"@id\":\"https:\/\/www.fruhyvel.se\/#breadcrumb\",\"itemListElement\":[{\"@type\":\"ListItem\",\"position\":1,\"name\":\"Hem\",\"item\":\"https:\/\/www.fruhyvel.se\/\"},{\"@type\":\"ListItem\",\"position\":2,\"name\":\"M\u00f6belsnickare i \u00d6rnsk\u00f6ldsvik\"}]},{\"@type\":\"WebSite\",\"@id\":\"https:\/\/www.fruhyvel.se\/#website\",\"url\":\"https:\/\/www.fruhyvel.se\/\",\"name\":\"www.fruhyvel.se\",\"description\":\"Tillverkar &amp; renoverar tr\u00e4m\u00f6bler till dig\",\"publisher\":{\"@id\":\"https:\/\/www.fruhyvel.se\/#organization\"},\"potentialAction\":[{\"@type\":\"SearchAction\",\"target\":{\"@type\":\"EntryPoint\",\"urlTemplate\":\"https:\/\/www.fruhyvel.se\/?s={search_term_string}\"},\"query-input\":{\"@type\":\"PropertyValueSpecification\",\"valueRequired\":true,\"valueName\":\"search_term_string\"}}],\"inLanguage\":\"sv-SE\"},{\"@type\":\"Organization\",\"@id\":\"https:\/\/www.fruhyvel.se\/#organization\",\"name\":\"Fruhyvel m\u00f6belhantverk & design AB\",\"url\":\"https:\/\/www.fruhyvel.se\/\",\"logo\":{\"@type\":\"ImageObject\",\"inLanguage\":\"sv-SE\",\"@id\":\"https:\/\/www.fruhyvel.se\/#\/schema\/logo\/image\/\",\"url\":\"https:\/\/www.fruhyvel.se\/wp-content\/uploads\/2020\/04\/NY-logga-5-400-244.jpg\",\"contentUrl\":\"https:\/\/www.fruhyvel.se\/wp-content\/uploads\/2020\/04\/NY-logga-5-400-244.jpg\",\"width\":400,\"height\":244,\"caption\":\"Fruhyvel m\u00f6belhantverk & design AB\"},\"image\":{\"@id\":\"https:\/\/www.fruhyvel.se\/#\/schema\/logo\/image\/\"},\"sameAs\":[\"https:\/\/www.facebook.com\/fruhyvel\/\",\"https:\/\/www.instagram.com\/fruhyvel\/\"]}]}<\/script>\n<!-- \/ Yoast SEO plugin. -->","yoast_head_json":{"title":"M\u00f6belsnickare i \u00d6rnsk\u00f6ldsvik - fruhyvel.se Tillverkar &amp; renoverar tr\u00e4m\u00f6bler till dig","description":"Tillverkar och renoverar tr\u00e4m\u00f6bler i Torsb\u00f6le ca 2 mil utanf\u00f6r \u00d6rnsk\u00f6ldsvik. M\u00f6blerna tillverkas p\u00e5 ett traditionellt s\u00e4tt b\u00e5de i maskiner och f\u00f6r hand.","robots":{"index":"index","follow":"follow","max-snippet":"max-snippet:-1","max-image-preview":"max-image-preview:large","max-video-preview":"max-video-preview:-1"},"canonical":"https:\/\/www.fruhyvel.se\/","og_locale":"sv_SE","og_type":"article","og_title":"M\u00f6belsnickare i \u00d6rnsk\u00f6ldsvik - fruhyvel.se Tillverkar &amp; renoverar tr\u00e4m\u00f6bler till dig","og_description":"Tillverkar och renoverar tr\u00e4m\u00f6bler i Torsb\u00f6le ca 2 mil utanf\u00f6r \u00d6rnsk\u00f6ldsvik. M\u00f6blerna tillverkas p\u00e5 ett traditionellt s\u00e4tt b\u00e5de i maskiner och f\u00f6r hand.","og_url":"https:\/\/www.fruhyvel.se\/","og_site_name":"fruhyvel.se","article_publisher":"https:\/\/www.facebook.com\/fruhyvel\/","article_modified_time":"2025-02-13T15:07:53+00:00","og_image":[{"width":600,"height":671,"url":"https:\/\/www.fruhyvel.se\/wp-content\/uploads\/2021\/03\/gustaviansktbord2.png","type":"image\/png"}],"twitter_card":"summary_large_image","twitter_misc":{"Ber\u00e4knad l\u00e4stid":"2 minuter"},"schema":{"@context":"https:\/\/schema.org","@graph":[{"@type":"WebPage","@id":"https:\/\/www.fruhyvel.se\/","url":"https:\/\/www.fruhyvel.se\/","name":"M\u00f6belsnickare i \u00d6rnsk\u00f6ldsvik - fruhyvel.se Tillverkar &amp; renoverar tr\u00e4m\u00f6bler till dig","isPartOf":{"@id":"https:\/\/www.fruhyvel.se\/#website"},"primaryImageOfPage":{"@id":"https:\/\/www.fruhyvel.se\/#primaryimage"},"image":{"@id":"https:\/\/www.fruhyvel.se\/#primaryimage"},"thumbnailUrl":"https:\/\/www.fruhyvel.se\/wp-content\/uploads\/2021\/03\/gustaviansktbord2.png","datePublished":"2020-04-04T17:31:49+00:00","dateModified":"2025-02-13T15:07:53+00:00","description":"Tillverkar och renoverar tr\u00e4m\u00f6bler i Torsb\u00f6le ca 2 mil utanf\u00f6r \u00d6rnsk\u00f6ldsvik. M\u00f6blerna tillverkas p\u00e5 ett traditionellt s\u00e4tt b\u00e5de i maskiner och f\u00f6r hand.","breadcrumb":{"@id":"https:\/\/www.fruhyvel.se\/#breadcrumb"},"inLanguage":"sv-SE","potentialAction":[{"@type":"ReadAction","target":["https:\/\/www.fruhyvel.se\/"]}]},{"@type":"ImageObject","inLanguage":"sv-SE","@id":"https:\/\/www.fruhyvel.se\/#primaryimage","url":"https:\/\/www.fruhyvel.se\/wp-content\/uploads\/2021\/03\/gustaviansktbord2.png","contentUrl":"https:\/\/www.fruhyvel.se\/wp-content\/uploads\/2021\/03\/gustaviansktbord2.png","width":600,"height":671,"caption":"Litet bord i ask, ytbehandlad med vitvax."},{"@type":"BreadcrumbList","@id":"https:\/\/www.fruhyvel.se\/#breadcrumb","itemListElement":[{"@type":"ListItem","position":1,"name":"Hem","item":"https:\/\/www.fruhyvel.se\/"},{"@type":"ListItem","position":2,"name":"M\u00f6belsnickare i \u00d6rnsk\u00f6ldsvik"}]},{"@type":"WebSite","@id":"https:\/\/www.fruhyvel.se\/#website","url":"https:\/\/www.fruhyvel.se\/","name":"www.fruhyvel.se","description":"Tillverkar &amp; renoverar tr\u00e4m\u00f6bler till dig","publisher":{"@id":"https:\/\/www.fruhyvel.se\/#organization"},"potentialAction":[{"@type":"SearchAction","target":{"@type":"EntryPoint","urlTemplate":"https:\/\/www.fruhyvel.se\/?s={search_term_string}"},"query-input":{"@type":"PropertyValueSpecification","valueRequired":true,"valueName":"search_term_string"}}],"inLanguage":"sv-SE"},{"@type":"Organization","@id":"https:\/\/www.fruhyvel.se\/#organization","name":"Fruhyvel m\u00f6belhantverk & design AB","url":"https:\/\/www.fruhyvel.se\/","logo":{"@type":"ImageObject","inLanguage":"sv-SE","@id":"https:\/\/www.fruhyvel.se\/#\/schema\/logo\/image\/","url":"https:\/\/www.fruhyvel.se\/wp-content\/uploads\/2020\/04\/NY-logga-5-400-244.jpg","contentUrl":"https:\/\/www.fruhyvel.se\/wp-content\/uploads\/2020\/04\/NY-logga-5-400-244.jpg","width":400,"height":244,"caption":"Fruhyvel m\u00f6belhantverk & design AB"},"image":{"@id":"https:\/\/www.fruhyvel.se\/#\/schema\/logo\/image\/"},"sameAs":["https:\/\/www.facebook.com\/fruhyvel\/","https:\/\/www.instagram.com\/fruhyvel\/"]}]}},"_links":{"self":[{"href":"https:\/\/www.fruhyvel.se\/index.php\/wp-json\/wp\/v2\/pages\/910","targetHints":{"allow":["GET"]}}],"collection":[{"href":"https:\/\/www.fruhyvel.se\/index.php\/wp-json\/wp\/v2\/pages"}],"about":[{"href":"https:\/\/www.fruhyvel.se\/index.php\/wp-json\/wp\/v2\/types\/page"}],"author":[{"embeddable":true,"href":"https:\/\/www.fruhyvel.se\/index.php\/wp-json\/wp\/v2\/users\/1"}],"replies":[{"embeddable":true,"href":"https:\/\/www.fruhyvel.se\/index.php\/wp-json\/wp\/v2\/comments?post=910"}],"version-history":[{"count":72,"href":"https:\/\/www.fruhyvel.se\/index.php\/wp-json\/wp\/v2\/pages\/910\/revisions"}],"predecessor-version":[{"id":1546,"href":"https:\/\/www.fruhyvel.se\/index.php\/wp-json\/wp\/v2\/pages\/910\/revisions\/1546"}],"wp:attachment":[{"href":"https:\/\/www.fruhyvel.se\/index.php\/wp-json\/wp\/v2\/media?parent=910"}],"curies":[{"name":"wp","href":"https:\/\/api.w.org\/{rel}","templated":true}]}}